{"id":8109,"date":"2023-04-19T10:01:08","date_gmt":"2023-04-19T08:01:08","guid":{"rendered":"https:\/\/african-futures.koeln\/events\/suite-pour-burkina-electric-et-orchestra-concert\/"},"modified":"2023-06-12T10:52:52","modified_gmt":"2023-06-12T08:52:52","slug":"suite-pour-burkina-electric-et-orchestra-concert","status":"publish","type":"mec-events","link":"https:\/\/african-futures.koeln\/fr\/events\/suite-pour-burkina-electric-et-orchestra-concert\/","title":{"rendered":"Suite pour Burkina Electric et Orchestra &#8211; Concert"},"content":{"rendered":"\n<p>Quatre Surmonter les diff\u00e9rences culturelles et combiner les langages musicaux &#8211; telle \u00e9tait l&rsquo;id\u00e9e et le d\u00e9fi qui ont inspir\u00e9 Lukas Ligeti pour sa \u00ab\u00a0Suite pour Burkina Electric et Orchestra\u00a0\u00bb. L&rsquo;ensemble Burkina Electric, de renomm\u00e9e internationale, combine les traditions musicales d&rsquo;Afrique de l&rsquo;Ouest avec l&rsquo;\u00e9lectronique. Le G\u00fcrzenich Orchester K\u00f6ln joue sur des instruments classiques europ\u00e9ens. La suite de Ligeti est un kal\u00e9idoscope de couleurs et de contrastes qui se fondent dans le commun. Le programme sera compl\u00e9t\u00e9 par la pi\u00e8ce d&rsquo;orchestre \u00ab\u00a0Fatse la heso\u00a0\u00bb du compositeur Michael Mosoeu Moerane du Lesotho.<\/p>\n\n<p>Orchestre du G\u00fcrzenich de Cologne<br\/>Burkina Electric<\/p>\n\n<h2 class=\"wp-block-heading has-medium-font-size\" style=\"font-style:normal;font-weight:700;text-transform:uppercase\">Organisateur<\/h2>\n\n<p>\n          <a href=\"http:\/\/www.oluzayo-festival.net\" target=\"_blank\" rel=\"noopener\">www.oluzayo-festival.net<\/a>\n        <\/p>\n\n<p>Centre de musique actuelle de Cologne<\/p>\n\n<p>NewMusic Afrique du Sud<\/p>\n\n<p>OLUZAYO est soutenu par le fonds TURN2 de la Kulturstiftung des Bundes. Soutenu par le D\u00e9l\u00e9gu\u00e9 du gouvernement f\u00e9d\u00e9ral \u00e0 la culture et aux m\u00e9dias. De plus, il est soutenu par la ville de Cologne, la Kunststiftung NRW ainsi que la Ernst von Siemens Musikstiftung.<\/p>\n","protected":false},"excerpt":{"rendered":"<p>Surmonter les diff\u00e9rences culturelles et combiner les langues musicales &#8211; telle \u00e9tait l&rsquo;id\u00e9e et le d\u00e9fi qui ont inspir\u00e9 Lukas Ligeti pour sa \u00ab\u00a0Suite pour Burkina Electric et Orchestre<\/p>\n","protected":false},"author":3,"featured_media":8105,"comment_status":"closed","ping_status":"closed","template":"","mec_category":[308,309],"programmbereich":[],"mec_tag":[659],"class_list":["post-8109","mec-events","type-mec-events","status-publish","has-post-thumbnail","hentry","mec_category-art","mec_category-culture","mec_tag-oluzayo-fr"],"acf":[],"_links":{"self":[{"href":"https:\/\/african-futures.koeln\/fr\/wp-json\/wp\/v2\/mec-events\/8109","targetHints":{"allow":["GET"]}}],"collection":[{"href":"https:\/\/african-futures.koeln\/fr\/wp-json\/wp\/v2\/mec-events"}],"about":[{"href":"https:\/\/african-futures.koeln\/fr\/wp-json\/wp\/v2\/types\/mec-events"}],"author":[{"embeddable":true,"href":"https:\/\/african-futures.koeln\/fr\/wp-json\/wp\/v2\/users\/3"}],"replies":[{"embeddable":true,"href":"https:\/\/african-futures.koeln\/fr\/wp-json\/wp\/v2\/comments?post=8109"}],"version-history":[{"count":9,"href":"https:\/\/african-futures.koeln\/fr\/wp-json\/wp\/v2\/mec-events\/8109\/revisions"}],"predecessor-version":[{"id":10806,"href":"https:\/\/african-futures.koeln\/fr\/wp-json\/wp\/v2\/mec-events\/8109\/revisions\/10806"}],"wp:featuredmedia":[{"embeddable":true,"href":"https:\/\/african-futures.koeln\/fr\/wp-json\/wp\/v2\/media\/8105"}],"wp:attachment":[{"href":"https:\/\/african-futures.koeln\/fr\/wp-json\/wp\/v2\/media?parent=8109"}],"wp:term":[{"taxonomy":"mec_category","embeddable":true,"href":"https:\/\/african-futures.koeln\/fr\/wp-json\/wp\/v2\/mec_category?post=8109"},{"taxonomy":"programmbereich","embeddable":true,"href":"https:\/\/african-futures.koeln\/fr\/wp-json\/wp\/v2\/programmbereich?post=8109"},{"taxonomy":"mec_tag","embeddable":true,"href":"https:\/\/african-futures.koeln\/fr\/wp-json\/wp\/v2\/mec_tag?post=8109"}],"curies":[{"name":"wp","href":"https:\/\/api.w.org\/{rel}","templated":true}]}}