{"id":9144,"date":"2023-05-04T08:46:25","date_gmt":"2023-05-04T06:46:25","guid":{"rendered":"https:\/\/african-futures.koeln\/events\/baamum-nafi-nafis-father-film-de-mamadou-dia\/"},"modified":"2023-06-12T10:48:13","modified_gmt":"2023-06-12T08:48:13","slug":"baamum-nafi-nafis-father-film-de-mamadou-dia","status":"publish","type":"mec-events","link":"https:\/\/african-futures.koeln\/fr\/events\/baamum-nafi-nafis-father-film-de-mamadou-dia\/","title":{"rendered":"BAAMUM NAFI (NAFI&rsquo;S FATHER) &#8211; Film de Mamadou Dia"},"content":{"rendered":"\n<p>Dans le village s\u00e9n\u00e9galais de Yonti, l&rsquo;iman Tierno maintient la coh\u00e9sion de sa communaut\u00e9 en s&rsquo;occupant de la coh\u00e9sion spirituelle. Mais la paix du village menace de s&rsquo;effondrer lorsque sa fille se fiance avec le fils de son fr\u00e8re ali\u00e9n\u00e9, Ousmane. Tierno se m\u00e9fie d&rsquo;Ousmane en raison de ses liens avec un cheikh extr\u00e9miste et de sa soif de pouvoir. Suite \u00e0 ces fian\u00e7ailles, une lutte se d\u00e9veloppe entre les deux fr\u00e8res, les villageois pacifiques et le mouvement fondamentaliste.<\/p>\n\n<p>Nous pr\u00e9sentons <em>Nafi&rsquo;s F<\/em> ather en coop\u00e9ration avec le Afrika Film Festival K\u00f6ln.<\/p>\n\n<h2 class=\"wp-block-heading has-medium-font-size\" style=\"font-style:normal;font-weight:700;text-transform:uppercase\">Organisateur<\/h2>\n\n<p><a href=\"https:\/\/www.africologne-festival.de\/\" target=\"_blank\" rel=\"noopener\">africologneFESTIVAL<\/a><\/p>\n\n<p><a href=\"https:\/\/www.afrikafilmfestivalkoeln.de\/start\" target=\"_blank\" rel=\"noopener\">Festival du film africain de Cologne<\/a><\/p>\n","protected":false},"excerpt":{"rendered":"<p>Dans le village s\u00e9n\u00e9galais de Yonti, l&rsquo;iman Tierno maintient la coh\u00e9sion de sa communaut\u00e9 en s&rsquo;occupant de la coh\u00e9sion spirituelle.<\/p>\n","protected":false},"author":1,"featured_media":9141,"comment_status":"closed","ping_status":"closed","template":"","mec_category":[308,309],"programmbereich":[],"mec_tag":[408],"class_list":["post-9144","mec-events","type-mec-events","status-publish","has-post-thumbnail","hentry","mec_category-art","mec_category-culture","mec_tag-africologne-fr"],"acf":[],"_links":{"self":[{"href":"https:\/\/african-futures.koeln\/fr\/wp-json\/wp\/v2\/mec-events\/9144","targetHints":{"allow":["GET"]}}],"collection":[{"href":"https:\/\/african-futures.koeln\/fr\/wp-json\/wp\/v2\/mec-events"}],"about":[{"href":"https:\/\/african-futures.koeln\/fr\/wp-json\/wp\/v2\/types\/mec-events"}],"author":[{"embeddable":true,"href":"https:\/\/african-futures.koeln\/fr\/wp-json\/wp\/v2\/users\/1"}],"replies":[{"embeddable":true,"href":"https:\/\/african-futures.koeln\/fr\/wp-json\/wp\/v2\/comments?post=9144"}],"version-history":[{"count":1,"href":"https:\/\/african-futures.koeln\/fr\/wp-json\/wp\/v2\/mec-events\/9144\/revisions"}],"predecessor-version":[{"id":9147,"href":"https:\/\/african-futures.koeln\/fr\/wp-json\/wp\/v2\/mec-events\/9144\/revisions\/9147"}],"wp:featuredmedia":[{"embeddable":true,"href":"https:\/\/african-futures.koeln\/fr\/wp-json\/wp\/v2\/media\/9141"}],"wp:attachment":[{"href":"https:\/\/african-futures.koeln\/fr\/wp-json\/wp\/v2\/media?parent=9144"}],"wp:term":[{"taxonomy":"mec_category","embeddable":true,"href":"https:\/\/african-futures.koeln\/fr\/wp-json\/wp\/v2\/mec_category?post=9144"},{"taxonomy":"programmbereich","embeddable":true,"href":"https:\/\/african-futures.koeln\/fr\/wp-json\/wp\/v2\/programmbereich?post=9144"},{"taxonomy":"mec_tag","embeddable":true,"href":"https:\/\/african-futures.koeln\/fr\/wp-json\/wp\/v2\/mec_tag?post=9144"}],"curies":[{"name":"wp","href":"https:\/\/api.w.org\/{rel}","templated":true}]}}